{"id":8187,"date":"2021-11-05T17:19:03","date_gmt":"2021-11-05T16:19:03","guid":{"rendered":"https:\/\/www.terrafibraaward.com\/?page_id=8187"},"modified":"2023-12-08T11:41:48","modified_gmt":"2023-12-08T10:41:48","slug":"contemporary-earthen-architectures","status":"publish","type":"page","link":"https:\/\/www.materiaaward.com\/en\/exhibitions\/contemporary-earthen-architectures\/","title":{"rendered":"Contemporary Earthen Architectures"},"content":{"rendered":"<p>[vc_row el_class=&#8221;sans-marge-plus&#8221;][vc_column][vc_column_text]<\/p>\n<p class=\"avenir-black titre-strong upper\">Exhibitions<\/p>\n<p>[\/vc_column_text][\/vc_column][\/vc_row][vc_row el_class=&#8221;sans-marge-plus&#8221;][vc_column][vc_single_image image=&#8221;6591&#8243; img_size=&#8221;full&#8221;][\/vc_column][\/vc_row][vc_row][vc_column][vc_column_text]<\/p>\n<p class=\"avenir-black titre-strong\">Contemporary Earthen Architectures<\/p>\n<p>[\/vc_column_text][vc_column_text]An travelling exhibition showcasing the 40 TERRAFIBRA Award 2016 finalists. The exhibition was launched by <a href=\"http:\/\/www.amaco.org\" target=\"_blank\" rel=\"noopener\">am\u00e0co<\/a> and its travels are organized by the company MUSEO. The exhibit aims to show examples of building with earth today to a larger audience. It aims to value the courage project managers who chose the material and the know how of architects and artisans. The exhibition started its itinerary on the 11th of May 2016 in Grenoble, before being exhibited in Lyon, Bordeaux, Strasbourg and Marrakech (COP22). Since, the itinerary has continued in Italy, Belgium, Switzerland, Austria, Portugal, Germany, India, China and other countries around the world.<\/p>\n<p>&nbsp;<\/p>\n<p><strong>Showcase the FIBRA exhibition where you are!<\/strong><\/p>\n<p>Architecture schools, local collectives, cultural institutions, companies, museums, exhibition centres, international organisations\u2026..all are welcome to host this exhibition and broadcast it from where they are.<\/p>\n<p class=\"txt-gris\">For any further queries please contact us at <a href=\"mailto:contact@amaco.org\">contact@amaco.org<\/a><\/p>\n<p>[\/vc_column_text][vc_btn title=&#8221;Downloads&#8221; style=&#8221;custom&#8221; custom_background=&#8221;#9a6a3c&#8221; custom_text=&#8221;#ffffff&#8221; shape=&#8221;square&#8221; align=&#8221;left&#8221; link=&#8221;url:https%3A%2F%2Fwww.materiaaward.com%2Fwp-content%2Fuploads%2F2021%2F05%2F170125_plaquette_EXPO_architerre_actualisee_BD.pdf|target:_blank&#8221; el_class=&#8221;btn-beige&#8221;][vc_btn title=&#8221;Host the exhibition&#8221; style=&#8221;custom&#8221; custom_background=&#8221;#9a6a3c&#8221; custom_text=&#8221;#ffffff&#8221; shape=&#8221;square&#8221; align=&#8221;left&#8221; link=&#8221;url:mailto%3Acontact%40amaco.org|target:_blank&#8221; el_class=&#8221;btn-beige&#8221;][\/vc_column][\/vc_row][vc_row el_class=&#8221;terre&#8221;][vc_column][vc_column_text]<\/p>\n<p class=\"avenir-black titre-strong\">2018<\/p>\n<p>[\/vc_column_text][vc_column_text]\n<table id=\"tablepress-6\" class=\"tablepress tablepress-id-6\">\n<tbody>\n<tr class=\"row-1\">\n\t<td class=\"column-1\">11.2018 - 02.19<\/td><td class=\"column-2\">Institut Fran\u00e7ais \u2013 Institut f\u00fcr Auslandsbeziehungen, Stuttgart, Germany<\/td>\n<\/tr>\n<tr class=\"row-2\">\n\t<td class=\"column-1\">29.05.18 - 7.07.18<\/td><td class=\"column-2\">Architekturforum Ober\u00f6sterreich, Linz, Austria<\/td>\n<\/tr>\n<tr class=\"row-3\">\n\t<td class=\"column-1\">16.04.18 - 27.04.18<\/td><td class=\"column-2\">Alger<\/td>\n<\/tr>\n<tr class=\"row-4\">\n\t<td class=\"column-1\">7.03.18 - 19.05.18<\/td><td class=\"column-2\">Institut vai Vorarlberger Architektur, Dornbirn, Austria<\/td>\n<\/tr>\n<tr class=\"row-5\">\n\t<td class=\"column-1\">22.02.18 - 27.02.18<\/td><td class=\"column-2\">Universit\u00e9 de Vaduz, Vaduz, Liechtenstein<\/td>\n<\/tr>\n<tr class=\"row-6\">\n\t<td class=\"column-1\">01.02.18 - 08.02.18<\/td><td class=\"column-2\">Maison Folie, Rue des Arbalestriers, Mons, Belgium<\/td>\n<\/tr>\n<tr class=\"row-7\">\n\t<td class=\"column-1\">031.01.18 - 2.02.18<\/td><td class=\"column-2\">Salon Appli-Tech, Lucerne, Switzerland<\/td>\n<\/tr>\n<tr class=\"row-8\">\n\t<td class=\"column-1\">16.04.18 - 27.04.18<\/td><td class=\"column-2\"><a href=\"https:\/\/www.altemarkthalle.ch\/events\/think-earth-ausstellung-zum-zeitgenoessischen-bauen-mit-lehm\/\" target=\"_blank\" rel=\"noopener\">Markthalle Basel, Steinentorberg 20, 4051 Basel<\/a>, B\u00e2le, Switzerland<\/td>\n<\/tr>\n<\/tbody>\n<\/table>\n<!-- #tablepress-6 from cache -->[\/vc_column_text][\/vc_column][\/vc_row][vc_row el_class=&#8221;terre&#8221;][vc_column][vc_column_text]<\/p>\n<p class=\"avenir-black titre-strong\">2017<\/p>\n<p>[\/vc_column_text][vc_column_text]\n<table id=\"tablepress-7\" class=\"tablepress tablepress-id-7\">\n<tbody>\n<tr class=\"row-1\">\n\t<td class=\"column-1\">27.02.17 - 10.03.17<\/td><td class=\"column-2\"><a href=\"http:\/\/www.amaco.org\/spiral-files\/download?mode=inline&amp;data=3612 target=_blank\">au Parlement de Wallonie, 1 rue Notre-Dame \u00e0 Namur, Belgium<\/a><\/td>\n<\/tr>\n<tr class=\"row-2\">\n\t<td class=\"column-1\">1.03.17 - 31.03.17 <\/td><td class=\"column-2\"><a href=\"http:\/\/www.nantes.archi.fr\/\" target=\"_blank\" rel=\"noopener\">\u00c9cole d\u2019architecture de Nantes, 6 Quai Fran\u00e7ois Mitterrand \u00e0 Nantes, France<\/a><\/td>\n<\/tr>\n<tr class=\"row-3\">\n\t<td class=\"column-1\">14.03.17 - 24.03.17 <\/td><td class=\"column-2\"><a href=\"http:\/\/www.amaco.org\/spiral-files\/download?mode=inline&amp;data=3612\" target=\"_blank\" rel=\"noopener\">28, quai du Condroz \u00e0 Angleur, Li\u00e8ge, Belgium<\/a><\/td>\n<\/tr>\n<tr class=\"row-4\">\n\t<td class=\"column-1\">20.03.17 - 22.04.17 <\/td><td class=\"column-2\"><a href=\"http:\/\/archizoom.epfl.ch\/TERRA_award_fr\" target=\"_blank\" rel=\"noopener\">Archizoom, l\u2019espace d\u2019exposition de la facult\u00e9 ENAC de l\u2019\u00c9cole polytechnique f\u00e9d\u00e9rale de Lausanne (EPFL) \u00e0 Lausanne , Switzerland<\/a><\/td>\n<\/tr>\n<tr class=\"row-5\">\n\t<td class=\"column-1\">04.04.17 - 09.04.17 <\/td><td class=\"column-2\"><a href=\"http:\/\/archivio.fuorisalone.it\/2016\/\" target=\"_blank\" rel=\"noopener\">La Fabbrica del vapore lors de la Milano Design week 2017 et de la Fuorisalone del mobile 2017 \u00e0 Milan, Italy<\/a><\/td>\n<\/tr>\n<tr class=\"row-6\">\n\t<td class=\"column-1\">03.04.17 - 28.04.17 <\/td><td class=\"column-2\"><a href=\"https:\/\/www.rennes.archi.fr\/actualit\u00e9\/architecture-en-terre-daujourdhui\/\" target=\"_blank\" rel=\"noopener\">\u00c9cole Nationale Sup\u00e9rieure d\u2019Architecture de Bretagne, Rennes, France<\/a><\/td>\n<\/tr>\n<tr class=\"row-7\">\n\t<td class=\"column-1\">18.04.17 - 05.05.17 <\/td><td class=\"column-2\"><a href=\"http:\/\/www.amaco.org\/spiral-files\/download?mode=inline&amp;data=3612\" target=\"_blank\" rel=\"noopener\">6 rue du Glategnies \u00e0 Tournai, Belgium<\/a><\/td>\n<\/tr>\n<tr class=\"row-8\">\n\t<td class=\"column-1\">23.04.17 - 27.04.17  <\/td><td class=\"column-2\"><a href=\"http:\/\/terra-award.org\/wp-content\/uploads\/2016\/06\/Programme-ArchiTerre-2017-4-pages.pdf\" target=\"_blank\" rel=\"noopener\">festival Archi\u2019terre, Alger, Algeria<\/a><\/td>\n<\/tr>\n<tr class=\"row-9\">\n\t<td class=\"column-1\">13.09.17 - 27.10.17 <\/td><td class=\"column-2\"><a href=\"http:\/\/www.rouen.archi.fr\/index.php?option=com_content&amp;view=article&amp;id=545%3Aarchitecture-en-terre-daujourdhui&amp;catid=26%3Ales-evenements-culturels&amp;Itemid=113&amp;lang=\" target=\"_blank\" rel=\"noopener\">\u00c9cole d\u2019architecture de Normandie, 27 Rue Lucien Fromage \u00e0 Darn\u00e9tal  Rouen, France<\/a><\/td>\n<\/tr>\n<tr class=\"row-10\">\n\t<td class=\"column-1\">1.09.17 - 30.09.17 <\/td><td class=\"column-2\"><a href=\"http:\/\/patrimoines.ain.fr\/n\/musee-de-la-bresse-domaine-des-planons\/n:810\" target=\"_blank\" rel=\"noopener\">au Mus\u00e9e de la Bresse, 987 Chemin des Seigli\u00e8res \u00e0 St-Cyr-sur-Menton, France<\/a><\/td>\n<\/tr>\n<tr class=\"row-11\">\n\t<td class=\"column-1\">16.09.17 - 6.11.17<\/td><td class=\"column-2\"><a href=\"http:\/\/terra-award.org\/wp-content\/uploads\/2015\/06\/\" target=\"_blank\" rel=\"noopener\">Beijing University of Civil Engineering and Architecture \u00e0 Beijing, China<\/a><\/td>\n<\/tr>\n<tr class=\"row-12\">\n\t<td class=\"column-1\">15.09.17 - 20.09.17<\/td><td class=\"column-2\"><a href=\"http:\/\/www.architettichpe.it\/index.php\/tutte-le-news\/62-mostra-di-architettura-contemporanea-in-terra-cruda-first-international-prize-for-contemporary-earthen-architecture\" target=\"_blank\" rel=\"noopener\">Urban Center di Pescara Portanuova \u2013 Fondazione Architetti Pescara, Italy<\/a><\/td>\n<\/tr>\n<tr class=\"row-13\">\n\t<td class=\"column-1\">21.09.17 - 24.09.17 <\/td><td class=\"column-2\"><a href=\"http:\/\/www.bau-energie.ch\/htm\/home.htm?sprache=2\" target=\"_blank\" rel=\"noopener\">Congr\u00e8s Bau + Energie de Berne, Switzerland<\/a><\/td>\n<\/tr>\n<tr class=\"row-14\">\n\t<td class=\"column-1\">22.09.17 - 19.11.17 <\/td><td class=\"column-2\"><a href=\"http:\/\/www.amaco.org\/spiral-files\/download?mode=inline&amp;data=3612\" target=\"_blank\" rel=\"noopener\">Espace architecture La Cambre Horta ULB, 19 place Flagey \u00e0 Bruxelles, Belgium<\/a><\/td>\n<\/tr>\n<tr class=\"row-15\">\n\t<td class=\"column-1\">20.10.17 - 23.10.17 <br \/>\n30.10.17 - 6.11.17 <\/td><td class=\"column-2\"><a href=\"http:\/\/www.energie-habitat.be\/\" target=\"_blank\" rel=\"noopener\">salon Energie &amp; Habitat \u00e0 Namur Expo, Namur, Belgium<\/a><br \/>\n<a href=\"https:\/\/www.ethz.ch\/de.html\">\u00e0 l\u2019ETH de Zurich, Switzerland<\/a><\/td>\n<\/tr>\n<tr class=\"row-16\">\n\t<td class=\"column-1\">07.11.17 - 16.11.17<\/td><td class=\"column-2\"><a href=\"http:\/\/www.cop-23.org\/\" target=\"_blank\" rel=\"noopener\">\u00e0 la COP23, Bonn, Germany<\/a><\/td>\n<\/tr>\n<\/tbody>\n<\/table>\n<!-- #tablepress-7 from cache -->[\/vc_column_text][\/vc_column][\/vc_row][vc_row el_class=&#8221;terre&#8221;][vc_column][vc_column_text]<\/p>\n<p class=\"avenir-black titre-strong\">2016<\/p>\n<p>[\/vc_column_text][vc_column_text]\n<table id=\"tablepress-8\" class=\"tablepress tablepress-id-8\">\n<tbody>\n<tr class=\"row-1\">\n\t<td class=\"column-1\">11.05.16 - 18.06.16 <\/td><td class=\"column-2\"><a href=\"http:\/\/www.petit-bulletin.fr\/grenoble\/expositions-fiche-salle-2481-La+Plateforme.html\" target=\"_blank\" rel=\"noopener\">La Plateforme, place de Verdun \u00e0 Grenoble, France<\/a><\/td>\n<\/tr>\n<tr class=\"row-2\">\n\t<td class=\"column-1\">17.06.16 - 18.09.16<\/td><td class=\"column-2\"><a href=\"http:\/\/www.archipel-cdcu.fr\/\" target=\"_blank\" rel=\"noopener\">centre de culture urbaine Archipel, place des Terreaux \u00e0 Lyon, France<\/a><\/td>\n<\/tr>\n<tr class=\"row-3\">\n\t<td class=\"column-1\">8.09.16 - 28.10.16 <\/td><td class=\"column-2\"><a href=\"http:\/\/www.le308.com\/spip.php?article16\" target=\"_blank\" rel=\"noopener\">308, Maison de l\u2019architecture d\u2019Aquitaine \u00e0 Bordeaux, France<\/a><\/td>\n<\/tr>\n<tr class=\"row-4\">\n\t<td class=\"column-1\">27.09.16 - 18.10.16 <\/td><td class=\"column-2\"><a href=\"http:\/\/www.insa-strasbourg.fr\/fr\/contact\/\" target=\"_blank\" rel=\"noopener\">Institut national des sciences appliqu\u00e9es de Strasbourg, 24 Boulevard de la Victoire \u00e0 Strasbourg, France<\/a><\/td>\n<\/tr>\n<tr class=\"row-5\">\n\t<td class=\"column-1\">19.10.16 - 7.11.16<\/td><td class=\"column-2\"><a href=\"http:\/\/www.strasbourg.archi.fr\/contact\" target=\"_blank\" rel=\"noopener\">\u00c9cole d\u2019architecture de Strasbourg, 6-8 boulevard du Pr\u00e9sident Wilson \u00e0 Strasbourg, France<\/a><\/td>\n<\/tr>\n<tr class=\"row-6\">\n\t<td class=\"column-1\">7.11.16 - 18.11.16 <\/td><td class=\"column-2\"><a href=\"http:\/\/www.cop22.ma\/\" target=\"_blank\" rel=\"noopener\">COP22 Climate Summit, Marrakech, Morocco<\/a><\/td>\n<\/tr>\n<\/tbody>\n<\/table>\n<!-- #tablepress-8 from cache -->[\/vc_column_text][\/vc_column][\/vc_row][vc_row][vc_column][vc_column_text]<div  id=\"jtg-7107\" class=\"modula modula-gallery modula-creative-gallery\" data-config=\"{&quot;height&quot;:1000,&quot;tabletHeight&quot;:1000,&quot;mobileHeight&quot;:1000,&quot;desktopHeight&quot;:1000,&quot;enableTwitter&quot;:false,&quot;enableWhatsapp&quot;:false,&quot;enableFacebook&quot;:false,&quot;enablePinterest&quot;:false,&quot;enableLinkedin&quot;:false,&quot;enableEmail&quot;:false,&quot;randomFactor&quot;:1,&quot;type&quot;:&quot;creative-gallery&quot;,&quot;columns&quot;:12,&quot;gutter&quot;:10,&quot;mobileGutter&quot;:10,&quot;tabletGutter&quot;:10,&quot;desktopGutter&quot;:10,&quot;enableResponsive&quot;:&quot;0&quot;,&quot;tabletColumns&quot;:&quot;2&quot;,&quot;mobileColumns&quot;:&quot;1&quot;,&quot;lazyLoad&quot;:0,&quot;lightboxOpts&quot;:{&quot;animated&quot;:true,&quot;Thumbs&quot;:{&quot;type&quot;:&quot;modern&quot;,&quot;showOnStart&quot;:false},&quot;Toolbar&quot;:{&quot;display&quot;:{&quot;right&quot;:[&quot;close&quot;]},&quot;enabled&quot;:true},&quot;Carousel&quot;:{&quot;Panzoom&quot;:{&quot;touch&quot;:true},&quot;infinite&quot;:false},&quot;keyboard&quot;:{&quot;Escape&quot;:&quot;close&quot;,&quot;Delete&quot;:&quot;close&quot;,&quot;Backspace&quot;:&quot;close&quot;,&quot;PageUp&quot;:false,&quot;PageDown&quot;:false,&quot;ArrowUp&quot;:false,&quot;ArrowDown&quot;:false,&quot;ArrowRight&quot;:false,&quot;ArrowLeft&quot;:false},&quot;touch&quot;:false,&quot;backdropClick&quot;:false,&quot;l10n&quot;:{&quot;CLOSE&quot;:&quot;Close&quot;,&quot;NEXT&quot;:&quot;Next&quot;,&quot;PREV&quot;:&quot;Previous&quot;,&quot;Error&quot;:&quot;The requested content cannot be loaded. Please try again later.&quot;,&quot;PLAY_START&quot;:&quot;Start slideshow&quot;,&quot;PLAY_STOP&quot;:&quot;Pause slideshow&quot;,&quot;FULL_SCREEN&quot;:&quot;Full screen&quot;,&quot;THUMBS&quot;:&quot;Thumbnails&quot;,&quot;DOWNLOAD&quot;:&quot;Download&quot;,&quot;SHARE&quot;:&quot;Share&quot;,&quot;ZOOM&quot;:&quot;Zoom&quot;,&quot;EMAIL&quot;:&quot;Here is the link to the image : %%image_link%% and this is the link to the gallery : %%gallery_link%%&quot;,&quot;MODAL&quot;:&quot;You can close this modal content with the ESC key&quot;,&quot;ERROR&quot;:&quot;Something Went Wrong, Please Try Again Later&quot;,&quot;IMAGE_ERROR&quot;:&quot;Image Not Found&quot;,&quot;ELEMENT_NOT_FOUND&quot;:&quot;HTML Element Not Found&quot;,&quot;AJAX_NOT_FOUND&quot;:&quot;Error Loading AJAX : Not Found&quot;,&quot;AJAX_FORBIDDEN&quot;:&quot;Error Loading AJAX : Forbidden&quot;,&quot;IFRAME_ERROR&quot;:&quot;Error Loading Page&quot;,&quot;TOGGLE_ZOOM&quot;:&quot;Toggle zoom level&quot;,&quot;TOGGLE_THUMBS&quot;:&quot;Toggle thumbnails&quot;,&quot;TOGGLE_SLIDESHOW&quot;:&quot;Toggle slideshow&quot;,&quot;TOGGLE_FULLSCREEN&quot;:&quot;Toggle full-screen mode&quot;},&quot;Images&quot;:{&quot;Panzoom&quot;:{&quot;maxScale&quot;:2}},&quot;mainClass&quot;:&quot;modula-fancybox-container modula-lightbox-jtg-7107&quot;,&quot;Html&quot;:{&quot;videoAutoplay&quot;:0,&quot;videoTpl&quot;:&quot;&lt;video class=\\&quot;fancybox__html5video\\&quot; controls muted playsinline controlsList controlsList=\\&quot;nodownload\\&quot; poster=\\&quot;{{poster}}\\&quot; src=\\&quot;{{src}}\\&quot; type=\\&quot;{{format}}\\&quot; &gt;  Sorry, your browser doesn&#039;t support embedded videos, &lt;a href=\\&quot;{{src}}\\&quot;&gt; download &lt;\\\/a&gt; and watch with your favorite video player! &lt;\\\/video&gt;&quot;}},&quot;inView&quot;:false,&quot;email_subject&quot;:&quot;Check out this awesome image !!&quot;,&quot;email_message&quot;:&quot;Here is the link to the image : %%image_link%% and this is the link to the gallery : %%gallery_link%%&quot;,&quot;lightbox&quot;:&quot;fancybox&quot;}\">\n\n\t\n\t<div  class=\"modula-items\">\n\t\t<div class=\"modula-item effect-pufrobo\" >\n\t<div class=\"modula-item-overlay\"><\/div>\n\n\t<div class=\"modula-item-content\">\n\n\t\t<a data-image-id=\"6590\" role=\"button\" tabindex=\"0\" rel=\"jtg-7107\" data-caption=\"\" aria-label=\"Open image in lightbox\" class=\"tile-inner modula-item-link\"><\/a><img loading=\"lazy\" decoding=\"async\" class=\"pic wp-image-6590\"  data-valign=\"middle\" data-halign=\"center\" alt=\"\" data-full=\"https:\/\/www.materiaaward.com\/wp-content\/uploads\/2021\/05\/bandeau_expo_TA.jpg\" title=\"bandeau_expo_TA\" crop=\"\" width=\"2560\" height=\"1062\" src=\"https:\/\/www.materiaaward.com\/wp-content\/uploads\/2021\/05\/bandeau_expo_TA.jpg\" data-src=\"https:\/\/www.materiaaward.com\/wp-content\/uploads\/2021\/05\/bandeau_expo_TA.jpg\" data-caption=\"\" srcset=\"https:\/\/www.materiaaward.com\/wp-content\/uploads\/2021\/05\/bandeau_expo_TA-scaled.jpg 2560w, https:\/\/www.materiaaward.com\/wp-content\/uploads\/2021\/05\/bandeau_expo_TA-300x124.jpg 300w, https:\/\/www.materiaaward.com\/wp-content\/uploads\/2021\/05\/bandeau_expo_TA-1024x425.jpg 1024w, https:\/\/www.materiaaward.com\/wp-content\/uploads\/2021\/05\/bandeau_expo_TA-768x319.jpg 768w, https:\/\/www.materiaaward.com\/wp-content\/uploads\/2021\/05\/bandeau_expo_TA-500x207.jpg 500w, https:\/\/www.materiaaward.com\/wp-content\/uploads\/2021\/05\/bandeau_expo_TA-800x332.jpg 800w, https:\/\/www.materiaaward.com\/wp-content\/uploads\/2021\/05\/bandeau_expo_TA-1280x531.jpg 1280w, https:\/\/www.materiaaward.com\/wp-content\/uploads\/2021\/05\/bandeau_expo_TA-1920x796.jpg 1920w, https:\/\/www.materiaaward.com\/wp-content\/uploads\/2021\/05\/bandeau_expo_TA-1536x637.jpg 1536w, https:\/\/www.materiaaward.com\/wp-content\/uploads\/2021\/05\/bandeau_expo_TA-2048x850.jpg 2048w, https:\/\/www.materiaaward.com\/wp-content\/uploads\/2021\/05\/bandeau_expo_TA-260x108.jpg 260w, https:\/\/www.materiaaward.com\/wp-content\/uploads\/2021\/05\/bandeau_expo_TA-50x21.jpg 50w, https:\/\/www.materiaaward.com\/wp-content\/uploads\/2021\/05\/bandeau_expo_TA-150x62.jpg 150w\" sizes=\"auto, (max-width: 2560px) 100vw, 2560px\" \/>\n\t\t<div class=\"figc no-description\">\n\t\t\t<div class=\"figc-inner\">\n\t\t\t\t\t\t\t\t\t\t\t\t\t\t\t<\/div>\n\t\t<\/div>\n\n\t<\/div>\n\n<\/div><div class=\"modula-item effect-pufrobo\" >\n\t<div class=\"modula-item-overlay\"><\/div>\n\n\t<div class=\"modula-item-content\">\n\n\t\t<a data-image-id=\"6592\" role=\"button\" tabindex=\"0\" rel=\"jtg-7107\" data-caption=\"\" aria-label=\"Open image in lightbox\" class=\"tile-inner modula-item-link\"><\/a><img loading=\"lazy\" decoding=\"async\" class=\"pic wp-image-6592\"  data-valign=\"middle\" data-halign=\"center\" alt=\"\" data-full=\"https:\/\/www.materiaaward.com\/wp-content\/uploads\/2021\/05\/Expo_Architecture_en_terre_aujourdhui_ENSA_Rennes_3462.jpg\" title=\"Expo_Architecture_en_terre_aujourdhui_ENSA_Rennes_3462\" crop=\"\" width=\"1202\" height=\"776\" src=\"https:\/\/www.materiaaward.com\/wp-content\/uploads\/2021\/05\/Expo_Architecture_en_terre_aujourdhui_ENSA_Rennes_3462.jpg\" data-src=\"https:\/\/www.materiaaward.com\/wp-content\/uploads\/2021\/05\/Expo_Architecture_en_terre_aujourdhui_ENSA_Rennes_3462.jpg\" data-caption=\"\" srcset=\"https:\/\/www.materiaaward.com\/wp-content\/uploads\/2021\/05\/Expo_Architecture_en_terre_aujourdhui_ENSA_Rennes_3462.jpg 1202w, https:\/\/www.materiaaward.com\/wp-content\/uploads\/2021\/05\/Expo_Architecture_en_terre_aujourdhui_ENSA_Rennes_3462-300x194.jpg 300w, https:\/\/www.materiaaward.com\/wp-content\/uploads\/2021\/05\/Expo_Architecture_en_terre_aujourdhui_ENSA_Rennes_3462-1024x661.jpg 1024w, https:\/\/www.materiaaward.com\/wp-content\/uploads\/2021\/05\/Expo_Architecture_en_terre_aujourdhui_ENSA_Rennes_3462-768x496.jpg 768w, https:\/\/www.materiaaward.com\/wp-content\/uploads\/2021\/05\/Expo_Architecture_en_terre_aujourdhui_ENSA_Rennes_3462-500x323.jpg 500w, https:\/\/www.materiaaward.com\/wp-content\/uploads\/2021\/05\/Expo_Architecture_en_terre_aujourdhui_ENSA_Rennes_3462-800x516.jpg 800w, https:\/\/www.materiaaward.com\/wp-content\/uploads\/2021\/05\/Expo_Architecture_en_terre_aujourdhui_ENSA_Rennes_3462-226x146.jpg 226w, https:\/\/www.materiaaward.com\/wp-content\/uploads\/2021\/05\/Expo_Architecture_en_terre_aujourdhui_ENSA_Rennes_3462-50x32.jpg 50w, https:\/\/www.materiaaward.com\/wp-content\/uploads\/2021\/05\/Expo_Architecture_en_terre_aujourdhui_ENSA_Rennes_3462-116x75.jpg 116w\" sizes=\"auto, (max-width: 1202px) 100vw, 1202px\" \/>\n\t\t<div class=\"figc no-description\">\n\t\t\t<div class=\"figc-inner\">\n\t\t\t\t\t\t\t\t\t\t\t\t\t\t\t<\/div>\n\t\t<\/div>\n\n\t<\/div>\n\n<\/div><div class=\"modula-item effect-pufrobo\" >\n\t<div class=\"modula-item-overlay\"><\/div>\n\n\t<div class=\"modula-item-content\">\n\n\t\t<a data-image-id=\"6602\" role=\"button\" tabindex=\"0\" rel=\"jtg-7107\" data-caption=\"\" aria-label=\"Open image in lightbox\" class=\"tile-inner modula-item-link\"><\/a><img loading=\"lazy\" decoding=\"async\" class=\"pic wp-image-6602\"  data-valign=\"middle\" data-halign=\"center\" alt=\"\" data-full=\"https:\/\/www.materiaaward.com\/wp-content\/uploads\/2021\/05\/Exposition-TERRA-Marrakech.-Lara.Davis_.8.jpeg\" title=\"Exposition-TERRA-Marrakech.-Lara.Davis_.8\" crop=\"\" width=\"1280\" height=\"853\" src=\"https:\/\/www.materiaaward.com\/wp-content\/uploads\/2021\/05\/Exposition-TERRA-Marrakech.-Lara.Davis_.8.jpeg\" data-src=\"https:\/\/www.materiaaward.com\/wp-content\/uploads\/2021\/05\/Exposition-TERRA-Marrakech.-Lara.Davis_.8.jpeg\" data-caption=\"\" srcset=\"https:\/\/www.materiaaward.com\/wp-content\/uploads\/2021\/05\/Exposition-TERRA-Marrakech.-Lara.Davis_.8.jpeg 1280w, https:\/\/www.materiaaward.com\/wp-content\/uploads\/2021\/05\/Exposition-TERRA-Marrakech.-Lara.Davis_.8-300x200.jpeg 300w, https:\/\/www.materiaaward.com\/wp-content\/uploads\/2021\/05\/Exposition-TERRA-Marrakech.-Lara.Davis_.8-1024x682.jpeg 1024w, https:\/\/www.materiaaward.com\/wp-content\/uploads\/2021\/05\/Exposition-TERRA-Marrakech.-Lara.Davis_.8-768x512.jpeg 768w, https:\/\/www.materiaaward.com\/wp-content\/uploads\/2021\/05\/Exposition-TERRA-Marrakech.-Lara.Davis_.8-500x333.jpeg 500w, https:\/\/www.materiaaward.com\/wp-content\/uploads\/2021\/05\/Exposition-TERRA-Marrakech.-Lara.Davis_.8-800x533.jpeg 800w, https:\/\/www.materiaaward.com\/wp-content\/uploads\/2021\/05\/Exposition-TERRA-Marrakech.-Lara.Davis_.8-219x146.jpeg 219w, https:\/\/www.materiaaward.com\/wp-content\/uploads\/2021\/05\/Exposition-TERRA-Marrakech.-Lara.Davis_.8-50x33.jpeg 50w, https:\/\/www.materiaaward.com\/wp-content\/uploads\/2021\/05\/Exposition-TERRA-Marrakech.-Lara.Davis_.8-113x75.jpeg 113w\" sizes=\"auto, (max-width: 1280px) 100vw, 1280px\" \/>\n\t\t<div class=\"figc no-description\">\n\t\t\t<div class=\"figc-inner\">\n\t\t\t\t\t\t\t\t\t\t\t\t\t\t\t<\/div>\n\t\t<\/div>\n\n\t<\/div>\n\n<\/div><div class=\"modula-item effect-pufrobo\" >\n\t<div class=\"modula-item-overlay\"><\/div>\n\n\t<div class=\"modula-item-content\">\n\n\t\t<a data-image-id=\"6600\" role=\"button\" tabindex=\"0\" rel=\"jtg-7107\" data-caption=\"\" aria-label=\"Open image in lightbox\" class=\"tile-inner modula-item-link\"><\/a><img loading=\"lazy\" decoding=\"async\" class=\"pic wp-image-6600\"  data-valign=\"middle\" data-halign=\"center\" alt=\"\" data-full=\"https:\/\/www.materiaaward.com\/wp-content\/uploads\/2021\/05\/Expo-Archi-en-terre-AanorR-8-1247_web.jpg\" title=\"Expo-Archi-en-terre-AanorR-8-1247_web\" crop=\"\" width=\"2406\" height=\"1381\" src=\"https:\/\/www.materiaaward.com\/wp-content\/uploads\/2021\/05\/Expo-Archi-en-terre-AanorR-8-1247_web.jpg\" data-src=\"https:\/\/www.materiaaward.com\/wp-content\/uploads\/2021\/05\/Expo-Archi-en-terre-AanorR-8-1247_web.jpg\" data-caption=\"\" srcset=\"https:\/\/www.materiaaward.com\/wp-content\/uploads\/2021\/05\/Expo-Archi-en-terre-AanorR-8-1247_web.jpg 2406w, https:\/\/www.materiaaward.com\/wp-content\/uploads\/2021\/05\/Expo-Archi-en-terre-AanorR-8-1247_web-300x172.jpg 300w, https:\/\/www.materiaaward.com\/wp-content\/uploads\/2021\/05\/Expo-Archi-en-terre-AanorR-8-1247_web-1024x588.jpg 1024w, https:\/\/www.materiaaward.com\/wp-content\/uploads\/2021\/05\/Expo-Archi-en-terre-AanorR-8-1247_web-768x441.jpg 768w, https:\/\/www.materiaaward.com\/wp-content\/uploads\/2021\/05\/Expo-Archi-en-terre-AanorR-8-1247_web-500x287.jpg 500w, https:\/\/www.materiaaward.com\/wp-content\/uploads\/2021\/05\/Expo-Archi-en-terre-AanorR-8-1247_web-800x459.jpg 800w, https:\/\/www.materiaaward.com\/wp-content\/uploads\/2021\/05\/Expo-Archi-en-terre-AanorR-8-1247_web-1280x735.jpg 1280w, https:\/\/www.materiaaward.com\/wp-content\/uploads\/2021\/05\/Expo-Archi-en-terre-AanorR-8-1247_web-1920x1102.jpg 1920w, https:\/\/www.materiaaward.com\/wp-content\/uploads\/2021\/05\/Expo-Archi-en-terre-AanorR-8-1247_web-1536x882.jpg 1536w, https:\/\/www.materiaaward.com\/wp-content\/uploads\/2021\/05\/Expo-Archi-en-terre-AanorR-8-1247_web-2048x1176.jpg 2048w, https:\/\/www.materiaaward.com\/wp-content\/uploads\/2021\/05\/Expo-Archi-en-terre-AanorR-8-1247_web-254x146.jpg 254w, https:\/\/www.materiaaward.com\/wp-content\/uploads\/2021\/05\/Expo-Archi-en-terre-AanorR-8-1247_web-50x29.jpg 50w, https:\/\/www.materiaaward.com\/wp-content\/uploads\/2021\/05\/Expo-Archi-en-terre-AanorR-8-1247_web-131x75.jpg 131w\" sizes=\"auto, (max-width: 2406px) 100vw, 2406px\" \/>\n\t\t<div class=\"figc no-description\">\n\t\t\t<div class=\"figc-inner\">\n\t\t\t\t\t\t\t\t\t\t\t\t\t\t\t<\/div>\n\t\t<\/div>\n\n\t<\/div>\n\n<\/div><div class=\"modula-item effect-pufrobo\" >\n\t<div class=\"modula-item-overlay\"><\/div>\n\n\t<div class=\"modula-item-content\">\n\n\t\t<a data-image-id=\"6589\" role=\"button\" tabindex=\"0\" rel=\"jtg-7107\" data-caption=\"\" aria-label=\"Open image in lightbox\" class=\"tile-inner modula-item-link\"><\/a><img loading=\"lazy\" decoding=\"async\" class=\"pic wp-image-6589\"  data-valign=\"middle\" data-halign=\"center\" alt=\"\" data-full=\"https:\/\/www.materiaaward.com\/wp-content\/uploads\/2021\/05\/12.Adobes.jpg\" title=\"12.Adobes\" crop=\"\" width=\"1120\" height=\"1493\" src=\"https:\/\/www.materiaaward.com\/wp-content\/uploads\/2021\/05\/12.Adobes.jpg\" data-src=\"https:\/\/www.materiaaward.com\/wp-content\/uploads\/2021\/05\/12.Adobes.jpg\" data-caption=\"\" srcset=\"https:\/\/www.materiaaward.com\/wp-content\/uploads\/2021\/05\/12.Adobes.jpg 1120w, https:\/\/www.materiaaward.com\/wp-content\/uploads\/2021\/05\/12.Adobes-225x300.jpg 225w, https:\/\/www.materiaaward.com\/wp-content\/uploads\/2021\/05\/12.Adobes-768x1024.jpg 768w, https:\/\/www.materiaaward.com\/wp-content\/uploads\/2021\/05\/12.Adobes-500x667.jpg 500w, https:\/\/www.materiaaward.com\/wp-content\/uploads\/2021\/05\/12.Adobes-800x1066.jpg 800w, https:\/\/www.materiaaward.com\/wp-content\/uploads\/2021\/05\/12.Adobes-110x146.jpg 110w, https:\/\/www.materiaaward.com\/wp-content\/uploads\/2021\/05\/12.Adobes-38x50.jpg 38w, https:\/\/www.materiaaward.com\/wp-content\/uploads\/2021\/05\/12.Adobes-56x75.jpg 56w, https:\/\/www.materiaaward.com\/wp-content\/uploads\/2021\/05\/12.Adobes-375x500.jpg 375w\" sizes=\"auto, (max-width: 1120px) 100vw, 1120px\" \/>\n\t\t<div class=\"figc no-description\">\n\t\t\t<div class=\"figc-inner\">\n\t\t\t\t\t\t\t\t\t\t\t\t\t\t\t<\/div>\n\t\t<\/div>\n\n\t<\/div>\n\n<\/div><div class=\"modula-item effect-pufrobo\" >\n\t<div class=\"modula-item-overlay\"><\/div>\n\n\t<div class=\"modula-item-content\">\n\n\t\t<a data-image-id=\"7283\" role=\"button\" tabindex=\"0\" rel=\"jtg-7107\" data-caption=\"\" aria-label=\"Open image in lightbox\" class=\"tile-inner modula-item-link\"><\/a><img loading=\"lazy\" decoding=\"async\" class=\"pic wp-image-7283\"  data-valign=\"middle\" data-halign=\"center\" alt=\"\" data-full=\"https:\/\/www.materiaaward.com\/wp-content\/uploads\/2021\/06\/2.jpg\" title=\"2\" crop=\"\" width=\"480\" height=\"640\" src=\"https:\/\/www.materiaaward.com\/wp-content\/uploads\/2021\/06\/2.jpg\" data-src=\"https:\/\/www.materiaaward.com\/wp-content\/uploads\/2021\/06\/2.jpg\" data-caption=\"\" srcset=\"https:\/\/www.materiaaward.com\/wp-content\/uploads\/2021\/06\/2.jpg 480w, https:\/\/www.materiaaward.com\/wp-content\/uploads\/2021\/06\/2-225x300.jpg 225w, https:\/\/www.materiaaward.com\/wp-content\/uploads\/2021\/06\/2-110x146.jpg 110w, https:\/\/www.materiaaward.com\/wp-content\/uploads\/2021\/06\/2-38x50.jpg 38w, https:\/\/www.materiaaward.com\/wp-content\/uploads\/2021\/06\/2-56x75.jpg 56w, https:\/\/www.materiaaward.com\/wp-content\/uploads\/2021\/06\/2-375x500.jpg 375w\" sizes=\"auto, (max-width: 480px) 100vw, 480px\" \/>\n\t\t<div class=\"figc no-description\">\n\t\t\t<div class=\"figc-inner\">\n\t\t\t\t\t\t\t\t\t\t\t\t\t\t\t<\/div>\n\t\t<\/div>\n\n\t<\/div>\n\n<\/div><div class=\"modula-item effect-pufrobo\" >\n\t<div class=\"modula-item-overlay\"><\/div>\n\n\t<div class=\"modula-item-content\">\n\n\t\t<a data-image-id=\"6591\" role=\"button\" tabindex=\"0\" rel=\"jtg-7107\" data-caption=\"\" aria-label=\"Open image in lightbox\" class=\"tile-inner modula-item-link\"><\/a><img loading=\"lazy\" decoding=\"async\" class=\"pic wp-image-6591\"  data-valign=\"middle\" data-halign=\"center\" alt=\"\" data-full=\"https:\/\/www.materiaaward.com\/wp-content\/uploads\/2021\/05\/Expo_Architecture_en_terre_aujourdhui_ENSA_Rennes_3457-e1517214084140.jpg\" title=\"Expo_Architecture_en_terre_aujourdhui_ENSA_Rennes_3457-e1517214084140\" crop=\"\" width=\"1280\" height=\"960\" src=\"https:\/\/www.materiaaward.com\/wp-content\/uploads\/2021\/05\/Expo_Architecture_en_terre_aujourdhui_ENSA_Rennes_3457-e1517214084140.jpg\" data-src=\"https:\/\/www.materiaaward.com\/wp-content\/uploads\/2021\/05\/Expo_Architecture_en_terre_aujourdhui_ENSA_Rennes_3457-e1517214084140.jpg\" data-caption=\"\" srcset=\"https:\/\/www.materiaaward.com\/wp-content\/uploads\/2021\/05\/Expo_Architecture_en_terre_aujourdhui_ENSA_Rennes_3457-e1517214084140.jpg 1280w, https:\/\/www.materiaaward.com\/wp-content\/uploads\/2021\/05\/Expo_Architecture_en_terre_aujourdhui_ENSA_Rennes_3457-e1517214084140-300x225.jpg 300w, https:\/\/www.materiaaward.com\/wp-content\/uploads\/2021\/05\/Expo_Architecture_en_terre_aujourdhui_ENSA_Rennes_3457-e1517214084140-1024x768.jpg 1024w, https:\/\/www.materiaaward.com\/wp-content\/uploads\/2021\/05\/Expo_Architecture_en_terre_aujourdhui_ENSA_Rennes_3457-e1517214084140-768x576.jpg 768w, https:\/\/www.materiaaward.com\/wp-content\/uploads\/2021\/05\/Expo_Architecture_en_terre_aujourdhui_ENSA_Rennes_3457-e1517214084140-500x375.jpg 500w, https:\/\/www.materiaaward.com\/wp-content\/uploads\/2021\/05\/Expo_Architecture_en_terre_aujourdhui_ENSA_Rennes_3457-e1517214084140-800x600.jpg 800w, https:\/\/www.materiaaward.com\/wp-content\/uploads\/2021\/05\/Expo_Architecture_en_terre_aujourdhui_ENSA_Rennes_3457-e1517214084140-195x146.jpg 195w, https:\/\/www.materiaaward.com\/wp-content\/uploads\/2021\/05\/Expo_Architecture_en_terre_aujourdhui_ENSA_Rennes_3457-e1517214084140-50x38.jpg 50w, https:\/\/www.materiaaward.com\/wp-content\/uploads\/2021\/05\/Expo_Architecture_en_terre_aujourdhui_ENSA_Rennes_3457-e1517214084140-100x75.jpg 100w\" sizes=\"auto, (max-width: 1280px) 100vw, 1280px\" \/>\n\t\t<div class=\"figc no-description\">\n\t\t\t<div class=\"figc-inner\">\n\t\t\t\t\t\t\t\t\t\t\t\t\t\t\t<\/div>\n\t\t<\/div>\n\n\t<\/div>\n\n<\/div><div class=\"modula-item effect-pufrobo\" >\n\t<div class=\"modula-item-overlay\"><\/div>\n\n\t<div class=\"modula-item-content\">\n\n\t\t<a data-image-id=\"6605\" role=\"button\" tabindex=\"0\" rel=\"jtg-7107\" data-caption=\"\" aria-label=\"Open image in lightbox\" class=\"tile-inner modula-item-link\"><\/a><img loading=\"lazy\" decoding=\"async\" class=\"pic wp-image-6605\"  data-valign=\"middle\" data-halign=\"center\" alt=\"\" data-full=\"https:\/\/www.materiaaward.com\/wp-content\/uploads\/2021\/05\/TA_exposition-160609.jpg\" title=\"TA_exposition-160609\" crop=\"\" width=\"827\" height=\"349\" src=\"https:\/\/www.materiaaward.com\/wp-content\/uploads\/2021\/05\/TA_exposition-160609.jpg\" data-src=\"https:\/\/www.materiaaward.com\/wp-content\/uploads\/2021\/05\/TA_exposition-160609.jpg\" data-caption=\"\" srcset=\"https:\/\/www.materiaaward.com\/wp-content\/uploads\/2021\/05\/TA_exposition-160609.jpg 827w, https:\/\/www.materiaaward.com\/wp-content\/uploads\/2021\/05\/TA_exposition-160609-300x127.jpg 300w, https:\/\/www.materiaaward.com\/wp-content\/uploads\/2021\/05\/TA_exposition-160609-768x324.jpg 768w, https:\/\/www.materiaaward.com\/wp-content\/uploads\/2021\/05\/TA_exposition-160609-500x211.jpg 500w, https:\/\/www.materiaaward.com\/wp-content\/uploads\/2021\/05\/TA_exposition-160609-800x338.jpg 800w, https:\/\/www.materiaaward.com\/wp-content\/uploads\/2021\/05\/TA_exposition-160609-260x110.jpg 260w, https:\/\/www.materiaaward.com\/wp-content\/uploads\/2021\/05\/TA_exposition-160609-50x21.jpg 50w, https:\/\/www.materiaaward.com\/wp-content\/uploads\/2021\/05\/TA_exposition-160609-150x63.jpg 150w\" sizes=\"auto, (max-width: 827px) 100vw, 827px\" \/>\n\t\t<div class=\"figc no-description\">\n\t\t\t<div class=\"figc-inner\">\n\t\t\t\t\t\t\t\t\t\t\t\t\t\t\t<\/div>\n\t\t<\/div>\n\n\t<\/div>\n\n<\/div><div class=\"modula-item effect-pufrobo\" >\n\t<div class=\"modula-item-overlay\"><\/div>\n\n\t<div class=\"modula-item-content\">\n\n\t\t<a data-image-id=\"6596\" role=\"button\" tabindex=\"0\" rel=\"jtg-7107\" data-caption=\"\" aria-label=\"Open image in lightbox\" class=\"tile-inner modula-item-link\"><\/a><img loading=\"lazy\" decoding=\"async\" class=\"pic wp-image-6596\"  data-valign=\"middle\" data-halign=\"center\" alt=\"\" data-full=\"https:\/\/www.materiaaward.com\/wp-content\/uploads\/2021\/05\/Expo_ATA_308_Bordeaux_05.jpg\" title=\"Expo_ATA_308_Bordeaux_05\" crop=\"\" width=\"600\" height=\"377\" src=\"https:\/\/www.materiaaward.com\/wp-content\/uploads\/2021\/05\/Expo_ATA_308_Bordeaux_05.jpg\" data-src=\"https:\/\/www.materiaaward.com\/wp-content\/uploads\/2021\/05\/Expo_ATA_308_Bordeaux_05.jpg\" data-caption=\"\" srcset=\"https:\/\/www.materiaaward.com\/wp-content\/uploads\/2021\/05\/Expo_ATA_308_Bordeaux_05.jpg 600w, https:\/\/www.materiaaward.com\/wp-content\/uploads\/2021\/05\/Expo_ATA_308_Bordeaux_05-300x189.jpg 300w, https:\/\/www.materiaaward.com\/wp-content\/uploads\/2021\/05\/Expo_ATA_308_Bordeaux_05-500x314.jpg 500w, https:\/\/www.materiaaward.com\/wp-content\/uploads\/2021\/05\/Expo_ATA_308_Bordeaux_05-232x146.jpg 232w, https:\/\/www.materiaaward.com\/wp-content\/uploads\/2021\/05\/Expo_ATA_308_Bordeaux_05-50x31.jpg 50w, https:\/\/www.materiaaward.com\/wp-content\/uploads\/2021\/05\/Expo_ATA_308_Bordeaux_05-119x75.jpg 119w\" sizes=\"auto, (max-width: 600px) 100vw, 600px\" \/>\n\t\t<div class=\"figc no-description\">\n\t\t\t<div class=\"figc-inner\">\n\t\t\t\t\t\t\t\t\t\t\t\t\t\t\t<\/div>\n\t\t<\/div>\n\n\t<\/div>\n\n<\/div><div class=\"modula-item effect-pufrobo\" >\n\t<div class=\"modula-item-overlay\"><\/div>\n\n\t<div class=\"modula-item-content\">\n\n\t\t<a data-image-id=\"6597\" role=\"button\" tabindex=\"0\" rel=\"jtg-7107\" data-caption=\"\" aria-label=\"Open image in lightbox\" class=\"tile-inner modula-item-link\"><\/a><img loading=\"lazy\" decoding=\"async\" class=\"pic wp-image-6597\"  data-valign=\"middle\" data-halign=\"center\" alt=\"\" data-full=\"https:\/\/www.materiaaward.com\/wp-content\/uploads\/2021\/05\/Expo_ATA_EPFL_Archizoom_web.jpg\" title=\"Expo_ATA_EPFL_Archizoom_web\" crop=\"\" width=\"2560\" height=\"1449\" src=\"https:\/\/www.materiaaward.com\/wp-content\/uploads\/2021\/05\/Expo_ATA_EPFL_Archizoom_web.jpg\" data-src=\"https:\/\/www.materiaaward.com\/wp-content\/uploads\/2021\/05\/Expo_ATA_EPFL_Archizoom_web.jpg\" data-caption=\"\" srcset=\"https:\/\/www.materiaaward.com\/wp-content\/uploads\/2021\/05\/Expo_ATA_EPFL_Archizoom_web-scaled.jpg 2560w, https:\/\/www.materiaaward.com\/wp-content\/uploads\/2021\/05\/Expo_ATA_EPFL_Archizoom_web-300x170.jpg 300w, https:\/\/www.materiaaward.com\/wp-content\/uploads\/2021\/05\/Expo_ATA_EPFL_Archizoom_web-1024x580.jpg 1024w, https:\/\/www.materiaaward.com\/wp-content\/uploads\/2021\/05\/Expo_ATA_EPFL_Archizoom_web-768x435.jpg 768w, https:\/\/www.materiaaward.com\/wp-content\/uploads\/2021\/05\/Expo_ATA_EPFL_Archizoom_web-500x283.jpg 500w, https:\/\/www.materiaaward.com\/wp-content\/uploads\/2021\/05\/Expo_ATA_EPFL_Archizoom_web-800x453.jpg 800w, https:\/\/www.materiaaward.com\/wp-content\/uploads\/2021\/05\/Expo_ATA_EPFL_Archizoom_web-1280x725.jpg 1280w, https:\/\/www.materiaaward.com\/wp-content\/uploads\/2021\/05\/Expo_ATA_EPFL_Archizoom_web-1920x1087.jpg 1920w, https:\/\/www.materiaaward.com\/wp-content\/uploads\/2021\/05\/Expo_ATA_EPFL_Archizoom_web-1536x869.jpg 1536w, https:\/\/www.materiaaward.com\/wp-content\/uploads\/2021\/05\/Expo_ATA_EPFL_Archizoom_web-2048x1159.jpg 2048w, https:\/\/www.materiaaward.com\/wp-content\/uploads\/2021\/05\/Expo_ATA_EPFL_Archizoom_web-258x146.jpg 258w, https:\/\/www.materiaaward.com\/wp-content\/uploads\/2021\/05\/Expo_ATA_EPFL_Archizoom_web-50x28.jpg 50w, https:\/\/www.materiaaward.com\/wp-content\/uploads\/2021\/05\/Expo_ATA_EPFL_Archizoom_web-132x75.jpg 132w\" sizes=\"auto, (max-width: 2560px) 100vw, 2560px\" \/>\n\t\t<div class=\"figc no-description\">\n\t\t\t<div class=\"figc-inner\">\n\t\t\t\t\t\t\t\t\t\t\t\t\t\t\t<\/div>\n\t\t<\/div>\n\n\t<\/div>\n\n<\/div><div class=\"modula-item effect-pufrobo\" >\n\t<div class=\"modula-item-overlay\"><\/div>\n\n\t<div class=\"modula-item-content\">\n\n\t\t<a data-image-id=\"7284\" role=\"button\" tabindex=\"0\" rel=\"jtg-7107\" data-caption=\"\" aria-label=\"Open image in lightbox\" class=\"tile-inner modula-item-link\"><\/a><img loading=\"lazy\" decoding=\"async\" class=\"pic wp-image-7284\"  data-valign=\"middle\" data-halign=\"center\" alt=\"\" data-full=\"https:\/\/www.materiaaward.com\/wp-content\/uploads\/2021\/06\/3.jpg\" title=\"3\" crop=\"\" width=\"640\" height=\"480\" src=\"https:\/\/www.materiaaward.com\/wp-content\/uploads\/2021\/06\/3.jpg\" data-src=\"https:\/\/www.materiaaward.com\/wp-content\/uploads\/2021\/06\/3.jpg\" data-caption=\"\" srcset=\"https:\/\/www.materiaaward.com\/wp-content\/uploads\/2021\/06\/3.jpg 640w, https:\/\/www.materiaaward.com\/wp-content\/uploads\/2021\/06\/3-300x225.jpg 300w, https:\/\/www.materiaaward.com\/wp-content\/uploads\/2021\/06\/3-500x375.jpg 500w, https:\/\/www.materiaaward.com\/wp-content\/uploads\/2021\/06\/3-195x146.jpg 195w, https:\/\/www.materiaaward.com\/wp-content\/uploads\/2021\/06\/3-50x38.jpg 50w, https:\/\/www.materiaaward.com\/wp-content\/uploads\/2021\/06\/3-100x75.jpg 100w\" sizes=\"auto, (max-width: 640px) 100vw, 640px\" \/>\n\t\t<div class=\"figc no-description\">\n\t\t\t<div class=\"figc-inner\">\n\t\t\t\t\t\t\t\t\t\t\t\t\t\t\t<\/div>\n\t\t<\/div>\n\n\t<\/div>\n\n<\/div><div class=\"modula-item effect-pufrobo\" >\n\t<div class=\"modula-item-overlay\"><\/div>\n\n\t<div class=\"modula-item-content\">\n\n\t\t<a data-image-id=\"6599\" role=\"button\" tabindex=\"0\" rel=\"jtg-7107\" data-caption=\"\" aria-label=\"Open image in lightbox\" class=\"tile-inner modula-item-link\"><\/a><img loading=\"lazy\" decoding=\"async\" class=\"pic wp-image-6599\"  data-valign=\"middle\" data-halign=\"center\" alt=\"\" data-full=\"https:\/\/www.materiaaward.com\/wp-content\/uploads\/2021\/05\/Expo-Archi-en-terre-AanorR-7-1249_web.jpg\" title=\"Expo-Archi-en-terre-AanorR-7-1249_web\" crop=\"\" width=\"1953\" height=\"1304\" src=\"https:\/\/www.materiaaward.com\/wp-content\/uploads\/2021\/05\/Expo-Archi-en-terre-AanorR-7-1249_web.jpg\" data-src=\"https:\/\/www.materiaaward.com\/wp-content\/uploads\/2021\/05\/Expo-Archi-en-terre-AanorR-7-1249_web.jpg\" data-caption=\"\" srcset=\"https:\/\/www.materiaaward.com\/wp-content\/uploads\/2021\/05\/Expo-Archi-en-terre-AanorR-7-1249_web.jpg 1953w, https:\/\/www.materiaaward.com\/wp-content\/uploads\/2021\/05\/Expo-Archi-en-terre-AanorR-7-1249_web-300x200.jpg 300w, https:\/\/www.materiaaward.com\/wp-content\/uploads\/2021\/05\/Expo-Archi-en-terre-AanorR-7-1249_web-1024x684.jpg 1024w, https:\/\/www.materiaaward.com\/wp-content\/uploads\/2021\/05\/Expo-Archi-en-terre-AanorR-7-1249_web-768x513.jpg 768w, https:\/\/www.materiaaward.com\/wp-content\/uploads\/2021\/05\/Expo-Archi-en-terre-AanorR-7-1249_web-500x334.jpg 500w, https:\/\/www.materiaaward.com\/wp-content\/uploads\/2021\/05\/Expo-Archi-en-terre-AanorR-7-1249_web-800x534.jpg 800w, https:\/\/www.materiaaward.com\/wp-content\/uploads\/2021\/05\/Expo-Archi-en-terre-AanorR-7-1249_web-1280x855.jpg 1280w, https:\/\/www.materiaaward.com\/wp-content\/uploads\/2021\/05\/Expo-Archi-en-terre-AanorR-7-1249_web-1920x1282.jpg 1920w, https:\/\/www.materiaaward.com\/wp-content\/uploads\/2021\/05\/Expo-Archi-en-terre-AanorR-7-1249_web-1536x1026.jpg 1536w, https:\/\/www.materiaaward.com\/wp-content\/uploads\/2021\/05\/Expo-Archi-en-terre-AanorR-7-1249_web-219x146.jpg 219w, https:\/\/www.materiaaward.com\/wp-content\/uploads\/2021\/05\/Expo-Archi-en-terre-AanorR-7-1249_web-50x33.jpg 50w, https:\/\/www.materiaaward.com\/wp-content\/uploads\/2021\/05\/Expo-Archi-en-terre-AanorR-7-1249_web-112x75.jpg 112w\" sizes=\"auto, (max-width: 1953px) 100vw, 1953px\" \/>\n\t\t<div class=\"figc no-description\">\n\t\t\t<div class=\"figc-inner\">\n\t\t\t\t\t\t\t\t\t\t\t\t\t\t\t<\/div>\n\t\t<\/div>\n\n\t<\/div>\n\n<\/div><div class=\"modula-item effect-pufrobo\" >\n\t<div class=\"modula-item-overlay\"><\/div>\n\n\t<div class=\"modula-item-content\">\n\n\t\t<a data-image-id=\"6603\" role=\"button\" tabindex=\"0\" rel=\"jtg-7107\" data-caption=\"\" aria-label=\"Open image in lightbox\" class=\"tile-inner modula-item-link\"><\/a><img loading=\"lazy\" decoding=\"async\" class=\"pic wp-image-6603\"  data-valign=\"middle\" data-halign=\"center\" alt=\"\" data-full=\"https:\/\/www.materiaaward.com\/wp-content\/uploads\/2021\/05\/IMG_4403.jpeg\" title=\"IMG_4403\" crop=\"\" width=\"1632\" height=\"1224\" src=\"https:\/\/www.materiaaward.com\/wp-content\/uploads\/2021\/05\/IMG_4403.jpeg\" data-src=\"https:\/\/www.materiaaward.com\/wp-content\/uploads\/2021\/05\/IMG_4403.jpeg\" data-caption=\"\" srcset=\"https:\/\/www.materiaaward.com\/wp-content\/uploads\/2021\/05\/IMG_4403.jpeg 1632w, https:\/\/www.materiaaward.com\/wp-content\/uploads\/2021\/05\/IMG_4403-300x225.jpeg 300w, https:\/\/www.materiaaward.com\/wp-content\/uploads\/2021\/05\/IMG_4403-1024x768.jpeg 1024w, https:\/\/www.materiaaward.com\/wp-content\/uploads\/2021\/05\/IMG_4403-768x576.jpeg 768w, https:\/\/www.materiaaward.com\/wp-content\/uploads\/2021\/05\/IMG_4403-500x375.jpeg 500w, https:\/\/www.materiaaward.com\/wp-content\/uploads\/2021\/05\/IMG_4403-800x600.jpeg 800w, https:\/\/www.materiaaward.com\/wp-content\/uploads\/2021\/05\/IMG_4403-1280x960.jpeg 1280w, https:\/\/www.materiaaward.com\/wp-content\/uploads\/2021\/05\/IMG_4403-1536x1152.jpeg 1536w, https:\/\/www.materiaaward.com\/wp-content\/uploads\/2021\/05\/IMG_4403-195x146.jpeg 195w, https:\/\/www.materiaaward.com\/wp-content\/uploads\/2021\/05\/IMG_4403-50x38.jpeg 50w, https:\/\/www.materiaaward.com\/wp-content\/uploads\/2021\/05\/IMG_4403-100x75.jpeg 100w\" sizes=\"auto, (max-width: 1632px) 100vw, 1632px\" \/>\n\t\t<div class=\"figc no-description\">\n\t\t\t<div class=\"figc-inner\">\n\t\t\t\t\t\t\t\t\t\t\t\t\t\t\t<\/div>\n\t\t<\/div>\n\n\t<\/div>\n\n<\/div><div class=\"modula-item effect-pufrobo\" >\n\t<div class=\"modula-item-overlay\"><\/div>\n\n\t<div class=\"modula-item-content\">\n\n\t\t<a data-image-id=\"6604\" role=\"button\" tabindex=\"0\" rel=\"jtg-7107\" data-caption=\"\" aria-label=\"Open image in lightbox\" class=\"tile-inner modula-item-link\"><\/a><img loading=\"lazy\" decoding=\"async\" class=\"pic wp-image-6604\"  data-valign=\"middle\" data-halign=\"center\" alt=\"\" data-full=\"https:\/\/www.materiaaward.com\/wp-content\/uploads\/2021\/05\/IMG_5629.jpg\" title=\"IMG_5629\" crop=\"\" width=\"640\" height=\"480\" src=\"https:\/\/www.materiaaward.com\/wp-content\/uploads\/2021\/05\/IMG_5629.jpg\" data-src=\"https:\/\/www.materiaaward.com\/wp-content\/uploads\/2021\/05\/IMG_5629.jpg\" data-caption=\"\" srcset=\"https:\/\/www.materiaaward.com\/wp-content\/uploads\/2021\/05\/IMG_5629-rotated.jpg 640w, https:\/\/www.materiaaward.com\/wp-content\/uploads\/2021\/05\/IMG_5629-300x225.jpg 300w, https:\/\/www.materiaaward.com\/wp-content\/uploads\/2021\/05\/IMG_5629-500x375.jpg 500w, https:\/\/www.materiaaward.com\/wp-content\/uploads\/2021\/05\/IMG_5629-195x146.jpg 195w, https:\/\/www.materiaaward.com\/wp-content\/uploads\/2021\/05\/IMG_5629-50x38.jpg 50w, https:\/\/www.materiaaward.com\/wp-content\/uploads\/2021\/05\/IMG_5629-100x75.jpg 100w\" sizes=\"auto, (max-width: 640px) 100vw, 640px\" \/>\n\t\t<div class=\"figc no-description\">\n\t\t\t<div class=\"figc-inner\">\n\t\t\t\t\t\t\t\t\t\t\t\t\t\t\t<\/div>\n\t\t<\/div>\n\n\t<\/div>\n\n<\/div><div class=\"modula-item effect-pufrobo\" >\n\t<div class=\"modula-item-overlay\"><\/div>\n\n\t<div class=\"modula-item-content\">\n\n\t\t<a data-image-id=\"7282\" role=\"button\" tabindex=\"0\" rel=\"jtg-7107\" data-caption=\"\" aria-label=\"Open image in lightbox\" class=\"tile-inner modula-item-link\"><\/a><img loading=\"lazy\" decoding=\"async\" class=\"pic wp-image-7282\"  data-valign=\"middle\" data-halign=\"center\" alt=\"\" data-full=\"https:\/\/www.materiaaward.com\/wp-content\/uploads\/2021\/06\/1.jpg\" title=\"1\" crop=\"\" width=\"480\" height=\"640\" src=\"https:\/\/www.materiaaward.com\/wp-content\/uploads\/2021\/06\/1.jpg\" data-src=\"https:\/\/www.materiaaward.com\/wp-content\/uploads\/2021\/06\/1.jpg\" data-caption=\"\" srcset=\"https:\/\/www.materiaaward.com\/wp-content\/uploads\/2021\/06\/1.jpg 480w, https:\/\/www.materiaaward.com\/wp-content\/uploads\/2021\/06\/1-225x300.jpg 225w, https:\/\/www.materiaaward.com\/wp-content\/uploads\/2021\/06\/1-110x146.jpg 110w, https:\/\/www.materiaaward.com\/wp-content\/uploads\/2021\/06\/1-38x50.jpg 38w, https:\/\/www.materiaaward.com\/wp-content\/uploads\/2021\/06\/1-56x75.jpg 56w, https:\/\/www.materiaaward.com\/wp-content\/uploads\/2021\/06\/1-375x500.jpg 375w\" sizes=\"auto, (max-width: 480px) 100vw, 480px\" \/>\n\t\t<div class=\"figc no-description\">\n\t\t\t<div class=\"figc-inner\">\n\t\t\t\t\t\t\t\t\t\t\t\t\t\t\t<\/div>\n\t\t<\/div>\n\n\t<\/div>\n\n<\/div><div class=\"modula-item effect-pufrobo\" >\n\t<div class=\"modula-item-overlay\"><\/div>\n\n\t<div class=\"modula-item-content\">\n\n\t\t<a data-image-id=\"6594\" role=\"button\" tabindex=\"0\" rel=\"jtg-7107\" data-caption=\"\" aria-label=\"Open image in lightbox\" class=\"tile-inner modula-item-link\"><\/a><img loading=\"lazy\" decoding=\"async\" class=\"pic wp-image-6594\"  data-valign=\"middle\" data-halign=\"center\" alt=\"\" data-full=\"https:\/\/www.materiaaward.com\/wp-content\/uploads\/2021\/05\/Expo_ATA_308_Bordeaux_02.jpg\" title=\"Expo_ATA_308_Bordeaux_02\" crop=\"\" width=\"480\" height=\"640\" src=\"https:\/\/www.materiaaward.com\/wp-content\/uploads\/2021\/05\/Expo_ATA_308_Bordeaux_02.jpg\" data-src=\"https:\/\/www.materiaaward.com\/wp-content\/uploads\/2021\/05\/Expo_ATA_308_Bordeaux_02.jpg\" data-caption=\"\" srcset=\"https:\/\/www.materiaaward.com\/wp-content\/uploads\/2021\/05\/Expo_ATA_308_Bordeaux_02.jpg 480w, https:\/\/www.materiaaward.com\/wp-content\/uploads\/2021\/05\/Expo_ATA_308_Bordeaux_02-225x300.jpg 225w, https:\/\/www.materiaaward.com\/wp-content\/uploads\/2021\/05\/Expo_ATA_308_Bordeaux_02-110x146.jpg 110w, https:\/\/www.materiaaward.com\/wp-content\/uploads\/2021\/05\/Expo_ATA_308_Bordeaux_02-38x50.jpg 38w, https:\/\/www.materiaaward.com\/wp-content\/uploads\/2021\/05\/Expo_ATA_308_Bordeaux_02-56x75.jpg 56w, https:\/\/www.materiaaward.com\/wp-content\/uploads\/2021\/05\/Expo_ATA_308_Bordeaux_02-375x500.jpg 375w\" sizes=\"auto, (max-width: 480px) 100vw, 480px\" \/>\n\t\t<div class=\"figc no-description\">\n\t\t\t<div class=\"figc-inner\">\n\t\t\t\t\t\t\t\t\t\t\t\t\t\t\t<\/div>\n\t\t<\/div>\n\n\t<\/div>\n\n<\/div><div class=\"modula-item effect-pufrobo\" >\n\t<div class=\"modula-item-overlay\"><\/div>\n\n\t<div class=\"modula-item-content\">\n\n\t\t<a data-image-id=\"6595\" role=\"button\" tabindex=\"0\" rel=\"jtg-7107\" data-caption=\"\" aria-label=\"Open image in lightbox\" class=\"tile-inner modula-item-link\"><\/a><img loading=\"lazy\" decoding=\"async\" class=\"pic wp-image-6595\"  data-valign=\"middle\" data-halign=\"center\" alt=\"\" data-full=\"https:\/\/www.materiaaward.com\/wp-content\/uploads\/2021\/05\/Expo_ATA_308_Bordeaux_04.jpg\" title=\"Expo_ATA_308_Bordeaux_04\" crop=\"\" width=\"480\" height=\"640\" src=\"https:\/\/www.materiaaward.com\/wp-content\/uploads\/2021\/05\/Expo_ATA_308_Bordeaux_04.jpg\" data-src=\"https:\/\/www.materiaaward.com\/wp-content\/uploads\/2021\/05\/Expo_ATA_308_Bordeaux_04.jpg\" data-caption=\"\" srcset=\"https:\/\/www.materiaaward.com\/wp-content\/uploads\/2021\/05\/Expo_ATA_308_Bordeaux_04.jpg 480w, https:\/\/www.materiaaward.com\/wp-content\/uploads\/2021\/05\/Expo_ATA_308_Bordeaux_04-225x300.jpg 225w, https:\/\/www.materiaaward.com\/wp-content\/uploads\/2021\/05\/Expo_ATA_308_Bordeaux_04-110x146.jpg 110w, https:\/\/www.materiaaward.com\/wp-content\/uploads\/2021\/05\/Expo_ATA_308_Bordeaux_04-38x50.jpg 38w, https:\/\/www.materiaaward.com\/wp-content\/uploads\/2021\/05\/Expo_ATA_308_Bordeaux_04-56x75.jpg 56w, https:\/\/www.materiaaward.com\/wp-content\/uploads\/2021\/05\/Expo_ATA_308_Bordeaux_04-375x500.jpg 375w\" sizes=\"auto, (max-width: 480px) 100vw, 480px\" \/>\n\t\t<div class=\"figc no-description\">\n\t\t\t<div class=\"figc-inner\">\n\t\t\t\t\t\t\t\t\t\t\t\t\t\t\t<\/div>\n\t\t<\/div>\n\n\t<\/div>\n\n<\/div><div class=\"modula-item effect-pufrobo\" >\n\t<div class=\"modula-item-overlay\"><\/div>\n\n\t<div class=\"modula-item-content\">\n\n\t\t<a data-image-id=\"6593\" role=\"button\" tabindex=\"0\" rel=\"jtg-7107\" data-caption=\"\" aria-label=\"Open image in lightbox\" class=\"tile-inner modula-item-link\"><\/a><img loading=\"lazy\" decoding=\"async\" class=\"pic wp-image-6593\"  data-valign=\"middle\" data-halign=\"center\" alt=\"\" data-full=\"https:\/\/www.materiaaward.com\/wp-content\/uploads\/2021\/05\/Expo_ATA_308_Bordeaux_01.jpg\" title=\"Expo_ATA_308_Bordeaux_01\" crop=\"\" width=\"600\" height=\"450\" src=\"https:\/\/www.materiaaward.com\/wp-content\/uploads\/2021\/05\/Expo_ATA_308_Bordeaux_01.jpg\" data-src=\"https:\/\/www.materiaaward.com\/wp-content\/uploads\/2021\/05\/Expo_ATA_308_Bordeaux_01.jpg\" data-caption=\"\" srcset=\"https:\/\/www.materiaaward.com\/wp-content\/uploads\/2021\/05\/Expo_ATA_308_Bordeaux_01.jpg 600w, https:\/\/www.materiaaward.com\/wp-content\/uploads\/2021\/05\/Expo_ATA_308_Bordeaux_01-300x225.jpg 300w, https:\/\/www.materiaaward.com\/wp-content\/uploads\/2021\/05\/Expo_ATA_308_Bordeaux_01-500x375.jpg 500w, https:\/\/www.materiaaward.com\/wp-content\/uploads\/2021\/05\/Expo_ATA_308_Bordeaux_01-195x146.jpg 195w, https:\/\/www.materiaaward.com\/wp-content\/uploads\/2021\/05\/Expo_ATA_308_Bordeaux_01-50x38.jpg 50w, https:\/\/www.materiaaward.com\/wp-content\/uploads\/2021\/05\/Expo_ATA_308_Bordeaux_01-100x75.jpg 100w\" sizes=\"auto, (max-width: 600px) 100vw, 600px\" \/>\n\t\t<div class=\"figc no-description\">\n\t\t\t<div class=\"figc-inner\">\n\t\t\t\t\t\t\t\t\t\t\t\t\t\t\t<\/div>\n\t\t<\/div>\n\n\t<\/div>\n\n<\/div><div class=\"modula-item effect-pufrobo\" >\n\t<div class=\"modula-item-overlay\"><\/div>\n\n\t<div class=\"modula-item-content\">\n\n\t\t<a data-image-id=\"6598\" role=\"button\" tabindex=\"0\" rel=\"jtg-7107\" data-caption=\"\" aria-label=\"Open image in lightbox\" class=\"tile-inner modula-item-link\"><\/a><img loading=\"lazy\" decoding=\"async\" class=\"pic wp-image-6598\"  data-valign=\"middle\" data-halign=\"center\" alt=\"\" data-full=\"https:\/\/www.materiaaward.com\/wp-content\/uploads\/2021\/05\/Expo-Archi-en-terre-AanorR-6-1252_web.jpg\" title=\"Expo-Archi-en-terre-AanorR-6-1252_web\" crop=\"\" width=\"2106\" height=\"1406\" src=\"https:\/\/www.materiaaward.com\/wp-content\/uploads\/2021\/05\/Expo-Archi-en-terre-AanorR-6-1252_web.jpg\" data-src=\"https:\/\/www.materiaaward.com\/wp-content\/uploads\/2021\/05\/Expo-Archi-en-terre-AanorR-6-1252_web.jpg\" data-caption=\"\" srcset=\"https:\/\/www.materiaaward.com\/wp-content\/uploads\/2021\/05\/Expo-Archi-en-terre-AanorR-6-1252_web.jpg 2106w, https:\/\/www.materiaaward.com\/wp-content\/uploads\/2021\/05\/Expo-Archi-en-terre-AanorR-6-1252_web-300x200.jpg 300w, https:\/\/www.materiaaward.com\/wp-content\/uploads\/2021\/05\/Expo-Archi-en-terre-AanorR-6-1252_web-1024x684.jpg 1024w, https:\/\/www.materiaaward.com\/wp-content\/uploads\/2021\/05\/Expo-Archi-en-terre-AanorR-6-1252_web-768x513.jpg 768w, https:\/\/www.materiaaward.com\/wp-content\/uploads\/2021\/05\/Expo-Archi-en-terre-AanorR-6-1252_web-500x334.jpg 500w, https:\/\/www.materiaaward.com\/wp-content\/uploads\/2021\/05\/Expo-Archi-en-terre-AanorR-6-1252_web-800x534.jpg 800w, https:\/\/www.materiaaward.com\/wp-content\/uploads\/2021\/05\/Expo-Archi-en-terre-AanorR-6-1252_web-1280x855.jpg 1280w, https:\/\/www.materiaaward.com\/wp-content\/uploads\/2021\/05\/Expo-Archi-en-terre-AanorR-6-1252_web-1920x1282.jpg 1920w, https:\/\/www.materiaaward.com\/wp-content\/uploads\/2021\/05\/Expo-Archi-en-terre-AanorR-6-1252_web-1536x1025.jpg 1536w, https:\/\/www.materiaaward.com\/wp-content\/uploads\/2021\/05\/Expo-Archi-en-terre-AanorR-6-1252_web-2048x1367.jpg 2048w, https:\/\/www.materiaaward.com\/wp-content\/uploads\/2021\/05\/Expo-Archi-en-terre-AanorR-6-1252_web-219x146.jpg 219w, https:\/\/www.materiaaward.com\/wp-content\/uploads\/2021\/05\/Expo-Archi-en-terre-AanorR-6-1252_web-50x33.jpg 50w, https:\/\/www.materiaaward.com\/wp-content\/uploads\/2021\/05\/Expo-Archi-en-terre-AanorR-6-1252_web-112x75.jpg 112w\" sizes=\"auto, (max-width: 2106px) 100vw, 2106px\" \/>\n\t\t<div class=\"figc no-description\">\n\t\t\t<div class=\"figc-inner\">\n\t\t\t\t\t\t\t\t\t\t\t\t\t\t\t<\/div>\n\t\t<\/div>\n\n\t<\/div>\n\n<\/div><div class=\"modula-item effect-pufrobo\" >\n\t<div class=\"modula-item-overlay\"><\/div>\n\n\t<div class=\"modula-item-content\">\n\n\t\t<a data-image-id=\"6601\" role=\"button\" tabindex=\"0\" rel=\"jtg-7107\" data-caption=\"\" aria-label=\"Open image in lightbox\" class=\"tile-inner modula-item-link\"><\/a><img loading=\"lazy\" decoding=\"async\" class=\"pic wp-image-6601\"  data-valign=\"middle\" data-halign=\"center\" alt=\"\" data-full=\"https:\/\/www.materiaaward.com\/wp-content\/uploads\/2021\/05\/Exposition-TERRA-Marrakech.-Lara.Davis_.3_retouche.jpg\" title=\"Exposition-TERRA-Marrakech.-Lara.Davis_.3_retouche\" crop=\"\" width=\"869\" height=\"782\" src=\"https:\/\/www.materiaaward.com\/wp-content\/uploads\/2021\/05\/Exposition-TERRA-Marrakech.-Lara.Davis_.3_retouche.jpg\" data-src=\"https:\/\/www.materiaaward.com\/wp-content\/uploads\/2021\/05\/Exposition-TERRA-Marrakech.-Lara.Davis_.3_retouche.jpg\" data-caption=\"\" srcset=\"https:\/\/www.materiaaward.com\/wp-content\/uploads\/2021\/05\/Exposition-TERRA-Marrakech.-Lara.Davis_.3_retouche.jpg 869w, https:\/\/www.materiaaward.com\/wp-content\/uploads\/2021\/05\/Exposition-TERRA-Marrakech.-Lara.Davis_.3_retouche-300x270.jpg 300w, https:\/\/www.materiaaward.com\/wp-content\/uploads\/2021\/05\/Exposition-TERRA-Marrakech.-Lara.Davis_.3_retouche-768x691.jpg 768w, https:\/\/www.materiaaward.com\/wp-content\/uploads\/2021\/05\/Exposition-TERRA-Marrakech.-Lara.Davis_.3_retouche-500x450.jpg 500w, https:\/\/www.materiaaward.com\/wp-content\/uploads\/2021\/05\/Exposition-TERRA-Marrakech.-Lara.Davis_.3_retouche-800x720.jpg 800w, https:\/\/www.materiaaward.com\/wp-content\/uploads\/2021\/05\/Exposition-TERRA-Marrakech.-Lara.Davis_.3_retouche-162x146.jpg 162w, https:\/\/www.materiaaward.com\/wp-content\/uploads\/2021\/05\/Exposition-TERRA-Marrakech.-Lara.Davis_.3_retouche-50x45.jpg 50w, https:\/\/www.materiaaward.com\/wp-content\/uploads\/2021\/05\/Exposition-TERRA-Marrakech.-Lara.Davis_.3_retouche-83x75.jpg 83w\" sizes=\"auto, (max-width: 869px) 100vw, 869px\" \/>\n\t\t<div class=\"figc no-description\">\n\t\t\t<div class=\"figc-inner\">\n\t\t\t\t\t\t\t\t\t\t\t\t\t\t\t<\/div>\n\t\t<\/div>\n\n\t<\/div>\n\n<\/div>\t\t\n\t<\/div>\n\n\t\n\t\n\t<script type=\"application\/ld+json\">\n\t{\n\t\t\"@context\": \"http:\/\/schema.org\",\n\t\t\"@type\"   : \"ImageGallery\",\n\t\t\"id\"      : \"https:\/\/www.materiaaward.com\/en\/exhibitions\/contemporary-earthen-architectures\/\",\n\t\t\"url\"     : \"https:\/\/www.materiaaward.com\/en\/exhibitions\/contemporary-earthen-architectures\/\"\n\t}\n\n\t<\/script>\n\n\t\n<\/div>\n[\/vc_column_text][\/vc_column][\/vc_row][vc_row el_class=&#8221;a-decouvrir&#8221;][vc_column][vc_column_text]<strong>Topics<\/strong>[\/vc_column_text][\/vc_column][\/vc_row][vc_row el_class=&#8221;Block-deux-btn-carre Block-deux-btn-carre-expo&#8221;][vc_column width=&#8221;1\/3&#8243; css=&#8221;.vc_custom_1699455730547{background-image: url(https:\/\/www.materiaaward.com\/wp-content\/uploads\/2021\/11\/TFA21_Visuel_Carre_Exposition.jpg?id=9009) !important;}&#8221;][vc_column_text css=&#8221;.vc_custom_1637339885131{background-color: #5f7954 !important;}&#8221; el_class=&#8221;vert&#8221;]<\/p>\n<p style=\"text-align: center;\"><a href=\"https:\/\/www.materiaaward.com\/en\/exhibitions\/terrafibra-architectures-2\/\">TerraFibra architectures<\/a><\/p>\n<p>[\/vc_column_text][\/vc_column][vc_column width=&#8221;1\/3&#8243; css=&#8221;.vc_custom_1699455738638{background-image: url(https:\/\/www.materiaaward.com\/wp-content\/uploads\/2021\/04\/prix.jpg?id=6105) !important;}&#8221;][vc_column_text css=&#8221;.vc_custom_1636129583390{background-color: #5f7954 !important;}&#8221; el_class=&#8221;vert&#8221;]<\/p>\n<p style=\"text-align: center;\"><a href=\"https:\/\/www.materiaaward.com\/en\/exhibitions\/fibra-building-with-plant-fibres\/\">FIBRA,<br \/>\nBuilding with plant fibres<\/a><\/p>\n<p>[\/vc_column_text][\/vc_column][vc_column width=&#8221;1\/3&#8243;][\/vc_column][\/vc_row][vc_row][vc_column][\/vc_column][\/vc_row]<\/p>\n","protected":false},"excerpt":{"rendered":"<p>[vc_row el_class=&#8221;sans-marge-plus&#8221;][vc_column][vc_column_text] Exhibitions [\/vc_column_text][\/vc_column][\/vc_row][vc_row el_class=&#8221;sans-marge-plus&#8221;][vc_column][vc_single_image image=&#8221;6591&#8243; img_size=&#8221;full&#8221;][\/vc_column][\/vc_row][vc_row][vc_column][vc_column_text] Contemporary Earthen Architectures [\/vc_column_text][vc_column_text]An travelling exhibition showcasing the 40 TERRAFIBRA Award 2016 finalists. The exhibition was launched by am\u00e0co<span class=\"excerpt-hellip\"> [\u2026]<\/span><\/p>\n","protected":false},"author":1,"featured_media":0,"parent":8181,"menu_order":0,"comment_status":"closed","ping_status":"closed","template":"","meta":{"_vp_format_video_url":"","_vp_image_focal_point":[],"_vp_format_audio_url":"","_vp_custom_thumbnail":0,"_vp_hover_thumbnail":0,"_vp_hover_thumbnail_focal_point":[],"footnotes":""},"class_list":["post-8187","page","type-page","status-publish","hentry"],"_links":{"self":[{"href":"https:\/\/www.materiaaward.com\/en\/wp-json\/wp\/v2\/pages\/8187","targetHints":{"allow":["GET"]}}],"collection":[{"href":"https:\/\/www.materiaaward.com\/en\/wp-json\/wp\/v2\/pages"}],"about":[{"href":"https:\/\/www.materiaaward.com\/en\/wp-json\/wp\/v2\/types\/page"}],"author":[{"embeddable":true,"href":"https:\/\/www.materiaaward.com\/en\/wp-json\/wp\/v2\/users\/1"}],"replies":[{"embeddable":true,"href":"https:\/\/www.materiaaward.com\/en\/wp-json\/wp\/v2\/comments?post=8187"}],"version-history":[{"count":10,"href":"https:\/\/www.materiaaward.com\/en\/wp-json\/wp\/v2\/pages\/8187\/revisions"}],"predecessor-version":[{"id":11266,"href":"https:\/\/www.materiaaward.com\/en\/wp-json\/wp\/v2\/pages\/8187\/revisions\/11266"}],"up":[{"embeddable":true,"href":"https:\/\/www.materiaaward.com\/en\/wp-json\/wp\/v2\/pages\/8181"}],"wp:attachment":[{"href":"https:\/\/www.materiaaward.com\/en\/wp-json\/wp\/v2\/media?parent=8187"}],"curies":[{"name":"wp","href":"https:\/\/api.w.org\/{rel}","templated":true}]}}